{"id":87,"date":"2018-12-10T11:48:02","date_gmt":"2018-12-10T10:48:02","guid":{"rendered":"http:\/\/www.couriraveclirahm.be\/?page_id=87"},"modified":"2024-12-30T15:51:26","modified_gmt":"2024-12-30T14:51:26","slug":"lirahm","status":"publish","type":"page","link":"https:\/\/www.couriraveclirahm.be\/index.php\/lirahm\/","title":{"rendered":"L&rsquo;IRAHM"},"content":{"rendered":"<h3>Qui sommes nous ?<\/h3>\n<p>L\u2019objectif g\u00e9n\u00e9ral de l\u2019IRAHM est d\u2019amener chaque jeune \u00e0 d\u00e9velopper ses comp\u00e9tences afin d\u2019acc\u00e9der \u00e0 un maximum d\u2019autonomie, de viser l\u2019\u00e9panouissement de chacun et d\u2019am\u00e9liorer sa qualit\u00e9 de vie, de favoriser l\u2019insertion sociale et professionnelle \u00e9ventuelle<\/p>\n<p>L\u2019Institut Royal d\u2019Accueil pour le Handicap Moteur, IRAHM en abr\u00e9g\u00e9, regroupe :<\/p>\n<p>\u25cf Un centre de jour pour enfants scolaris\u00e9s (CJES) agr\u00e9e par la COCOF, et accueillant 120 jeunes fr\u00e9quentant la cr\u00e8che, les \u00e9coles d&rsquo;enseignement sp\u00e9cialis\u00e9 de type 4, fondamentales (CETD Ecole) ou secondaires (L&rsquo;Ecole Int\u00e9gr\u00e9e)<\/p>\n<p>\u25cf Un logement collectif adapt\u00e9 (LCA) agr\u00e9\u00e9 par la COCOF, et accueillant 44 jeunes.<\/p>\n<p>\u25cf Une cr\u00e8che de 18 lits pour b\u00e9b\u00e9s valides (Le coffre \u00e0 b\u00e9b\u00e9s) agr\u00e9\u00e9e par l&rsquo;ONE, \u00e0 laquelle est int\u00e9gr\u00e9e la cr\u00e8che neurologique de 6 lits pour b\u00e9b\u00e9s pr\u00e9sentant un handicap moteur.<\/p>\n<p>\u25cf Un atelier d&rsquo;infographie pour adultes, Kaligrav, soutenu par la COCOF.<\/p>\n<p>Vous trouverez plus d&rsquo;informations sur le site de l&rsquo;IRAHM <a href=\"https:\/\/www.irahm.be\/\">ici<\/a><\/p>\n","protected":false},"excerpt":{"rendered":"<p>Qui sommes nous ? L\u2019objectif g\u00e9n\u00e9ral de l\u2019IRAHM est d\u2019amener chaque jeune \u00e0 d\u00e9velopper ses comp\u00e9tences afin d\u2019acc\u00e9der \u00e0 un maximum d\u2019autonomie, de viser l\u2019\u00e9panouissement de chacun et d\u2019am\u00e9liorer sa qualit\u00e9 de vie, de favoriser l\u2019insertion sociale et professionnelle \u00e9ventuelle L\u2019Institut Royal d\u2019Accueil pour le Handicap Moteur, IRAHM en abr\u00e9g\u00e9, regroupe : \u25cf Un centre&#8230; <a href=\"https:\/\/www.couriraveclirahm.be\/index.php\/lirahm\/\">Continue reading <span class=\"screen-reader-text\">\u00ab\u00a0L&rsquo;IRAHM\u00a0\u00bb<\/span><\/a><\/p>\n","protected":false},"author":1,"featured_media":235,"parent":0,"menu_order":0,"comment_status":"closed","ping_status":"closed","template":"","meta":{"footnotes":""},"class_list":["post-87","page","type-page","status-publish","has-post-thumbnail","hentry"],"_links":{"self":[{"href":"https:\/\/www.couriraveclirahm.be\/index.php\/wp-json\/wp\/v2\/pages\/87","targetHints":{"allow":["GET"]}}],"collection":[{"href":"https:\/\/www.couriraveclirahm.be\/index.php\/wp-json\/wp\/v2\/pages"}],"about":[{"href":"https:\/\/www.couriraveclirahm.be\/index.php\/wp-json\/wp\/v2\/types\/page"}],"author":[{"embeddable":true,"href":"https:\/\/www.couriraveclirahm.be\/index.php\/wp-json\/wp\/v2\/users\/1"}],"replies":[{"embeddable":true,"href":"https:\/\/www.couriraveclirahm.be\/index.php\/wp-json\/wp\/v2\/comments?post=87"}],"version-history":[{"count":8,"href":"https:\/\/www.couriraveclirahm.be\/index.php\/wp-json\/wp\/v2\/pages\/87\/revisions"}],"predecessor-version":[{"id":672,"href":"https:\/\/www.couriraveclirahm.be\/index.php\/wp-json\/wp\/v2\/pages\/87\/revisions\/672"}],"wp:featuredmedia":[{"embeddable":true,"href":"https:\/\/www.couriraveclirahm.be\/index.php\/wp-json\/wp\/v2\/media\/235"}],"wp:attachment":[{"href":"https:\/\/www.couriraveclirahm.be\/index.php\/wp-json\/wp\/v2\/media?parent=87"}],"curies":[{"name":"wp","href":"https:\/\/api.w.org\/{rel}","templated":true}]}}