{"id":89,"date":"2018-12-10T11:48:02","date_gmt":"2018-12-10T10:48:02","guid":{"rendered":"http:\/\/www.couriraveclirahm.be\/?page_id=89"},"modified":"2026-02-10T12:12:06","modified_gmt":"2026-02-10T11:12:06","slug":"inscription","status":"publish","type":"page","link":"https:\/\/www.couriraveclirahm.be\/index.php\/inscription\/","title":{"rendered":"Inscriptions"},"content":{"rendered":"<p><strong>Inscription aux 20km de Bruxelles &#8211; 31 mai 2026!!<\/strong><\/p>\n<p class=\"p1\">Voici le formulaire \u00e0 remplir afin de confirmer son inscription. Inscriptions cl\u00f4tur\u00e9es.\u00a0<\/p>\n\n\n\n\n<p><\/p>\n\n\n\n<p><strong>Informations importantes<\/strong><\/p>\n\n\n\n<p>Tous les d\u00e9tails des d\u00e9parts (heure, endroit des rendez-vous, &#8230;) seront mis sur l&rsquo;onglet \u00ab\u00a0En pratique\u00a0\u00bb.<\/p>\n\n\n\n<p>Nous avons pr\u00e9vu des entra\u00eenements qui vous permettront de rencontrer les participants \u00e0 ce d\u00e9fi, jeunes &#8211; coureurs &#8211; pousseurs &#8211; familles &#8211; organisateurs. Et de faire un petit galop d&rsquo;essai ( entre 30 min et 1 h) pour tester le mat\u00e9riel et la vitesse&nbsp; de votre \u00e9quipe. C&rsquo;est donc important et sympa que vous y participiez !<\/p>\n\n\n\n<p><strong><u>Pour les coureurs<\/u><\/strong>&nbsp;:&nbsp; les&nbsp; entra\u00eenements sont pr\u00e9vus&nbsp; le&nbsp;15 mars 2026 et le 19 avril 2026. Ils d\u00e9marreront \u00e0 10h.<\/p>\n\n\n\n<p>Les d\u00e9tails pratiques&nbsp; de leur organisation suivront ..<\/p>\n\n\n\n<p>Pour des raisons d&rsquo;organisation, nous ne pourrons organiser des entra\u00eenements avec les jeunes \u00e0 d&rsquo;autres dates que celles que nous avons fix\u00e9es. Mais si votre \u00e9quipe souhaite s&rsquo;entra\u00eener sans les jeunes \u00e0 des dates suppl\u00e9mentaires, aucun soucis pour nous \u00e9videment!<\/p>\n\n\n\n<p>Le montant de l&rsquo;inscription est de 50 euros. Ce montant couvre les frais d&rsquo;inscriptions mais aussi le prix de la location du mat\u00e9riel et les frais d&rsquo;organisation en g\u00e9n\u00e9ral ainsi que le t-shirt.<\/p>\n\n\n\n<p><\/p>\n\n\n\n<p><\/p>\n","protected":false},"excerpt":{"rendered":"<p>Inscription aux 20km de Bruxelles &#8211; 31 mai 2026!! Voici le formulaire \u00e0 remplir afin de confirmer son inscription. Inscriptions cl\u00f4tur\u00e9es.\u00a0 Informations importantes Tous les d\u00e9tails des d\u00e9parts (heure, endroit des rendez-vous, &#8230;) seront mis sur l&rsquo;onglet \u00ab\u00a0En pratique\u00a0\u00bb. Nous avons pr\u00e9vu des entra\u00eenements qui vous permettront de rencontrer les participants \u00e0 ce d\u00e9fi, jeunes&#8230; <a href=\"https:\/\/www.couriraveclirahm.be\/index.php\/inscription\/\">Continue reading <span class=\"screen-reader-text\">\u00ab\u00a0Inscriptions\u00a0\u00bb<\/span><\/a><\/p>\n","protected":false},"author":1,"featured_media":0,"parent":0,"menu_order":0,"comment_status":"closed","ping_status":"closed","template":"","meta":{"footnotes":""},"class_list":["post-89","page","type-page","status-publish","hentry"],"_links":{"self":[{"href":"https:\/\/www.couriraveclirahm.be\/index.php\/wp-json\/wp\/v2\/pages\/89","targetHints":{"allow":["GET"]}}],"collection":[{"href":"https:\/\/www.couriraveclirahm.be\/index.php\/wp-json\/wp\/v2\/pages"}],"about":[{"href":"https:\/\/www.couriraveclirahm.be\/index.php\/wp-json\/wp\/v2\/types\/page"}],"author":[{"embeddable":true,"href":"https:\/\/www.couriraveclirahm.be\/index.php\/wp-json\/wp\/v2\/users\/1"}],"replies":[{"embeddable":true,"href":"https:\/\/www.couriraveclirahm.be\/index.php\/wp-json\/wp\/v2\/comments?post=89"}],"version-history":[{"count":32,"href":"https:\/\/www.couriraveclirahm.be\/index.php\/wp-json\/wp\/v2\/pages\/89\/revisions"}],"predecessor-version":[{"id":899,"href":"https:\/\/www.couriraveclirahm.be\/index.php\/wp-json\/wp\/v2\/pages\/89\/revisions\/899"}],"wp:attachment":[{"href":"https:\/\/www.couriraveclirahm.be\/index.php\/wp-json\/wp\/v2\/media?parent=89"}],"curies":[{"name":"wp","href":"https:\/\/api.w.org\/{rel}","templated":true}]}}